{"id":19574,"date":"2023-06-07T16:01:31","date_gmt":"2023-06-07T14:01:31","guid":{"rendered":"https:\/\/www.stummfilm-live.de\/event\/stummfilmkonzert-la-passion-de-jeanne-darc-2\/"},"modified":"2025-05-29T20:43:27","modified_gmt":"2025-05-29T18:43:27","slug":"silent-film-concert-the-passion-of-joan-of-arc","status":"publish","type":"tribe_events","link":"https:\/\/www.stummfilm-live.de\/en\/event\/silent-film-concert-the-passion-of-joan-of-arc\/","title":{"rendered":"Silent Film Concert &#8220;The Passion of Joan of Arc&#8221;"},"content":{"rendered":"<p style=\"text-align: right;\">Sat. 15.09.2012<br data-start=\"95\" data-end=\"98\" \/>8:00 PM<br data-start=\"105\" data-end=\"108\" data-is-only-node=\"\" \/>Cinema &#8220;Black Box&#8221; at the Film Museum D\u00fcsseldorf<\/p>\r\n<h2 style=\"text-align: center;\">Info<\/h2>\r\n<p data-start=\"25\" data-end=\"37\"><strong data-start=\"25\" data-end=\"37\">Overview<\/strong><\/p>\r\n<p data-start=\"39\" data-end=\"126\">Released: France, 1927<br data-start=\"61\" data-end=\"64\" \/>Duration: approx. 84 minutes<br data-start=\"92\" data-end=\"95\" \/>Director: Carl Theodor Dreyer<\/p>\r\n<p data-start=\"128\" data-end=\"367\"><strong data-start=\"128\" data-end=\"139\">Content<\/strong><br data-start=\"139\" data-end=\"142\" \/>The final days of Jeanne d&#8217;Arc: her interrogation, condemnation, and death at the stake.<br data-start=\"230\" data-end=\"233\" \/>It is not so much an epic narrative (certainly not an action film), but rather &#8220;radical montage cinema&#8221; from the late silent film era.<\/p>\r\n<p data-start=\"369\" data-end=\"443\"><strong data-start=\"369\" data-end=\"380\">Version<\/strong><br data-start=\"380\" data-end=\"383\" \/>With new music by Wilfried Kaets for voice and concert organ<\/p>\r\n<p data-start=\"445\" data-end=\"560\"><strong data-start=\"445\" data-end=\"459\">Performers<\/strong><br data-start=\"459\" data-end=\"462\" \/>Aron Proujanski: Tenor solo<br data-start=\"489\" data-end=\"492\" \/>Wilfried Kaets: Historical Welte cinema organ and simultaneous piano<\/p>\r\n<p data-start=\"562\" data-end=\"600\"><strong data-start=\"562\" data-end=\"583\">Overall direction<\/strong><br data-start=\"583\" data-end=\"586\" \/>Wilfried Kaet<\/p>\r\n<h2 style=\"text-align: center;\">More Informations about:&#8221; <a href=\"https:\/\/www.stummfilm-live.de\/en\/project\/the-passion-of-joan-of-arc\/\"><i><b>The Passion of Joan of Arc<\/b><\/i><\/a>&#8220;<\/h2>\r\n<!-- \/wp:post-content -->\r\n\r\n<!-- wp:tribe\/event-links \/-->\r\n\r\n<!-- wp:tribe\/classic-event-details \/-->\r\n\r\n<!-- wp:tribe\/event-venue \/-->","protected":false},"excerpt":{"rendered":"<p>Sat. 15.09.20128:00 PMCinema &#8220;Black Box&#8221; at the Film Museum D\u00fcsseldorf Info Overview Released: France, 1927Duration: approx. 84 minutesDirector: Carl Theodor Dreyer ContentThe final days of Jeanne d&#8217;Arc: her interrogation, condemnation,&#8230;<\/p>\n","protected":false},"author":3,"featured_media":16468,"template":"","meta":{"_price":"","_stock":"","_tribe_ticket_header":"","_tribe_default_ticket_provider":"","_tribe_ticket_capacity":"0","_ticket_start_date":"","_ticket_end_date":"","_tribe_ticket_show_description":"","_tribe_ticket_show_not_going":false,"_tribe_ticket_use_global_stock":"","_tribe_ticket_global_stock_level":"","_global_stock_mode":"","_global_stock_cap":"","_tribe_rsvp_for_event":"","_tribe_ticket_going_count":"","_tribe_ticket_not_going_count":"","_tribe_tickets_list":"[]","_tribe_ticket_has_attendee_info_fields":false,"_tribe_events_status":"","_tribe_events_status_reason":"","footnotes":"","_tec_slr_enabled":"","_tec_slr_layout":""},"tags":[],"tribe_events_cat":[390],"class_list":["post-19574","tribe_events","type-tribe_events","status-publish","has-post-thumbnail","hentry","tribe_events_cat-the-passion-of-joan-of-arc","cat_the-passion-of-joan-of-arc"],"yoast_head":"<!-- This site is optimized with the Yoast SEO plugin v27.4 - https:\/\/yoast.com\/product\/yoast-seo-wordpress\/ -->\n<title>Silent Film Concert &quot;The Passion of Joan of Arc&quot; - Stummfilm-Live<\/title>\n<meta name=\"description\" content=\"Die letzten Tage der Jeanne d\u00b4Arc: Verh\u00f6r-Verurteilung und ihr Tod auf dem Scheiterhaufen.Es handelt sich allerdings, wenn man schon eine kurze pr\u00e4gnante Beschreibung sucht, weniger um eine epische Erz\u00e4hlung (schon gar nicht um Actionkino), sondern eher um &quot;radikales Montagekino&quot; der\" \/>\n<meta name=\"robots\" content=\"index, follow, max-snippet:-1, max-image-preview:large, max-video-preview:-1\" \/>\n<link rel=\"canonical\" href=\"https:\/\/www.stummfilm-live.de\/en\/event\/silent-film-concert-the-passion-of-joan-of-arc\/\" \/>\n<meta property=\"og:locale\" content=\"en_US\" \/>\n<meta property=\"og:type\" content=\"article\" \/>\n<meta property=\"og:title\" content=\"Silent Film Concert &quot;The Passion of Joan of Arc&quot; - Stummfilm-Live\" \/>\n<meta property=\"og:description\" content=\"Die letzten Tage der Jeanne d\u00b4Arc: Verh\u00f6r-Verurteilung und ihr Tod auf dem Scheiterhaufen.Es handelt sich allerdings, wenn man schon eine kurze pr\u00e4gnante Beschreibung sucht, weniger um eine epische Erz\u00e4hlung (schon gar nicht um Actionkino), sondern eher um &quot;radikales Montagekino&quot; der\" \/>\n<meta property=\"og:url\" content=\"https:\/\/www.stummfilm-live.de\/en\/event\/silent-film-concert-the-passion-of-joan-of-arc\/\" \/>\n<meta property=\"og:site_name\" content=\"Stummfilm-Live\" \/>\n<meta property=\"article:modified_time\" content=\"2025-05-29T18:43:27+00:00\" \/>\n<meta property=\"og:image\" content=\"https:\/\/www.stummfilm-live.de\/wp-content\/uploads\/2021\/01\/jeanne_darc.jpg\" \/>\n\t<meta property=\"og:image:width\" content=\"265\" \/>\n\t<meta property=\"og:image:height\" content=\"180\" \/>\n\t<meta property=\"og:image:type\" content=\"image\/jpeg\" \/>\n<meta name=\"twitter:card\" content=\"summary_large_image\" \/>\n<meta name=\"twitter:label1\" content=\"Est. reading time\" \/>\n\t<meta name=\"twitter:data1\" content=\"1 minute\" \/>\n<script type=\"application\/ld+json\" class=\"yoast-schema-graph\">{\"@context\":\"https:\\\/\\\/schema.org\",\"@graph\":[{\"@type\":\"WebPage\",\"@id\":\"https:\\\/\\\/www.stummfilm-live.de\\\/en\\\/event\\\/silent-film-concert-the-passion-of-joan-of-arc\\\/\",\"url\":\"https:\\\/\\\/www.stummfilm-live.de\\\/en\\\/event\\\/silent-film-concert-the-passion-of-joan-of-arc\\\/\",\"name\":\"Silent Film Concert \\\"The Passion of Joan of Arc\\\" - Stummfilm-Live\",\"isPartOf\":{\"@id\":\"https:\\\/\\\/www.stummfilm-live.de\\\/#website\"},\"primaryImageOfPage\":{\"@id\":\"https:\\\/\\\/www.stummfilm-live.de\\\/en\\\/event\\\/silent-film-concert-the-passion-of-joan-of-arc\\\/#primaryimage\"},\"image\":{\"@id\":\"https:\\\/\\\/www.stummfilm-live.de\\\/en\\\/event\\\/silent-film-concert-the-passion-of-joan-of-arc\\\/#primaryimage\"},\"thumbnailUrl\":\"https:\\\/\\\/www.stummfilm-live.de\\\/wp-content\\\/uploads\\\/2021\\\/01\\\/jeanne_darc.jpg\",\"datePublished\":\"2023-06-07T14:01:31+00:00\",\"dateModified\":\"2025-05-29T18:43:27+00:00\",\"description\":\"Die letzten Tage der Jeanne d\u00b4Arc: Verh\u00f6r-Verurteilung und ihr Tod auf dem Scheiterhaufen.Es handelt sich allerdings, wenn man schon eine kurze pr\u00e4gnante Beschreibung sucht, weniger um eine epische Erz\u00e4hlung (schon gar nicht um Actionkino), sondern eher um \\\"radikales Montagekino\\\" der\",\"breadcrumb\":{\"@id\":\"https:\\\/\\\/www.stummfilm-live.de\\\/en\\\/event\\\/silent-film-concert-the-passion-of-joan-of-arc\\\/#breadcrumb\"},\"inLanguage\":\"en-US\",\"potentialAction\":[{\"@type\":\"ReadAction\",\"target\":[\"https:\\\/\\\/www.stummfilm-live.de\\\/en\\\/event\\\/silent-film-concert-the-passion-of-joan-of-arc\\\/\"]}]},{\"@type\":\"ImageObject\",\"inLanguage\":\"en-US\",\"@id\":\"https:\\\/\\\/www.stummfilm-live.de\\\/en\\\/event\\\/silent-film-concert-the-passion-of-joan-of-arc\\\/#primaryimage\",\"url\":\"https:\\\/\\\/www.stummfilm-live.de\\\/wp-content\\\/uploads\\\/2021\\\/01\\\/jeanne_darc.jpg\",\"contentUrl\":\"https:\\\/\\\/www.stummfilm-live.de\\\/wp-content\\\/uploads\\\/2021\\\/01\\\/jeanne_darc.jpg\",\"width\":265,\"height\":180},{\"@type\":\"BreadcrumbList\",\"@id\":\"https:\\\/\\\/www.stummfilm-live.de\\\/en\\\/event\\\/silent-film-concert-the-passion-of-joan-of-arc\\\/#breadcrumb\",\"itemListElement\":[{\"@type\":\"ListItem\",\"position\":1,\"name\":\"Home\",\"item\":\"https:\\\/\\\/www.stummfilm-live.de\\\/en\\\/\"},{\"@type\":\"ListItem\",\"position\":2,\"name\":\"Veranstaltungen\",\"item\":\"https:\\\/\\\/www.stummfilm-live.de\\\/events\\\/\"},{\"@type\":\"ListItem\",\"position\":3,\"name\":\"Silent Film Concert &#8222;The Passion of Joan of Arc&#8220;\"}]},{\"@type\":\"WebSite\",\"@id\":\"https:\\\/\\\/www.stummfilm-live.de\\\/#website\",\"url\":\"https:\\\/\\\/www.stummfilm-live.de\\\/\",\"name\":\"Stummfilm-Live\",\"description\":\"Internetseite des Stummfilmkomponisten und -interpreten Wilfried Kaets.\",\"potentialAction\":[{\"@type\":\"SearchAction\",\"target\":{\"@type\":\"EntryPoint\",\"urlTemplate\":\"https:\\\/\\\/www.stummfilm-live.de\\\/?s={search_term_string}\"},\"query-input\":{\"@type\":\"PropertyValueSpecification\",\"valueRequired\":true,\"valueName\":\"search_term_string\"}}],\"inLanguage\":\"en-US\"}]}<\/script>\n<!-- \/ Yoast SEO plugin. -->","yoast_head_json":{"title":"Silent Film Concert \"The Passion of Joan of Arc\" - Stummfilm-Live","description":"Die letzten Tage der Jeanne d\u00b4Arc: Verh\u00f6r-Verurteilung und ihr Tod auf dem Scheiterhaufen.Es handelt sich allerdings, wenn man schon eine kurze pr\u00e4gnante Beschreibung sucht, weniger um eine epische Erz\u00e4hlung (schon gar nicht um Actionkino), sondern eher um \"radikales Montagekino\" der","robots":{"index":"index","follow":"follow","max-snippet":"max-snippet:-1","max-image-preview":"max-image-preview:large","max-video-preview":"max-video-preview:-1"},"canonical":"https:\/\/www.stummfilm-live.de\/en\/event\/silent-film-concert-the-passion-of-joan-of-arc\/","og_locale":"en_US","og_type":"article","og_title":"Silent Film Concert \"The Passion of Joan of Arc\" - Stummfilm-Live","og_description":"Die letzten Tage der Jeanne d\u00b4Arc: Verh\u00f6r-Verurteilung und ihr Tod auf dem Scheiterhaufen.Es handelt sich allerdings, wenn man schon eine kurze pr\u00e4gnante Beschreibung sucht, weniger um eine epische Erz\u00e4hlung (schon gar nicht um Actionkino), sondern eher um \"radikales Montagekino\" der","og_url":"https:\/\/www.stummfilm-live.de\/en\/event\/silent-film-concert-the-passion-of-joan-of-arc\/","og_site_name":"Stummfilm-Live","article_modified_time":"2025-05-29T18:43:27+00:00","og_image":[{"width":265,"height":180,"url":"https:\/\/www.stummfilm-live.de\/wp-content\/uploads\/2021\/01\/jeanne_darc.jpg","type":"image\/jpeg"}],"twitter_card":"summary_large_image","twitter_misc":{"Est. reading time":"1 minute"},"schema":{"@context":"https:\/\/schema.org","@graph":[{"@type":"WebPage","@id":"https:\/\/www.stummfilm-live.de\/en\/event\/silent-film-concert-the-passion-of-joan-of-arc\/","url":"https:\/\/www.stummfilm-live.de\/en\/event\/silent-film-concert-the-passion-of-joan-of-arc\/","name":"Silent Film Concert \"The Passion of Joan of Arc\" - Stummfilm-Live","isPartOf":{"@id":"https:\/\/www.stummfilm-live.de\/#website"},"primaryImageOfPage":{"@id":"https:\/\/www.stummfilm-live.de\/en\/event\/silent-film-concert-the-passion-of-joan-of-arc\/#primaryimage"},"image":{"@id":"https:\/\/www.stummfilm-live.de\/en\/event\/silent-film-concert-the-passion-of-joan-of-arc\/#primaryimage"},"thumbnailUrl":"https:\/\/www.stummfilm-live.de\/wp-content\/uploads\/2021\/01\/jeanne_darc.jpg","datePublished":"2023-06-07T14:01:31+00:00","dateModified":"2025-05-29T18:43:27+00:00","description":"Die letzten Tage der Jeanne d\u00b4Arc: Verh\u00f6r-Verurteilung und ihr Tod auf dem Scheiterhaufen.Es handelt sich allerdings, wenn man schon eine kurze pr\u00e4gnante Beschreibung sucht, weniger um eine epische Erz\u00e4hlung (schon gar nicht um Actionkino), sondern eher um \"radikales Montagekino\" der","breadcrumb":{"@id":"https:\/\/www.stummfilm-live.de\/en\/event\/silent-film-concert-the-passion-of-joan-of-arc\/#breadcrumb"},"inLanguage":"en-US","potentialAction":[{"@type":"ReadAction","target":["https:\/\/www.stummfilm-live.de\/en\/event\/silent-film-concert-the-passion-of-joan-of-arc\/"]}]},{"@type":"ImageObject","inLanguage":"en-US","@id":"https:\/\/www.stummfilm-live.de\/en\/event\/silent-film-concert-the-passion-of-joan-of-arc\/#primaryimage","url":"https:\/\/www.stummfilm-live.de\/wp-content\/uploads\/2021\/01\/jeanne_darc.jpg","contentUrl":"https:\/\/www.stummfilm-live.de\/wp-content\/uploads\/2021\/01\/jeanne_darc.jpg","width":265,"height":180},{"@type":"BreadcrumbList","@id":"https:\/\/www.stummfilm-live.de\/en\/event\/silent-film-concert-the-passion-of-joan-of-arc\/#breadcrumb","itemListElement":[{"@type":"ListItem","position":1,"name":"Home","item":"https:\/\/www.stummfilm-live.de\/en\/"},{"@type":"ListItem","position":2,"name":"Veranstaltungen","item":"https:\/\/www.stummfilm-live.de\/events\/"},{"@type":"ListItem","position":3,"name":"Silent Film Concert &#8222;The Passion of Joan of Arc&#8220;"}]},{"@type":"WebSite","@id":"https:\/\/www.stummfilm-live.de\/#website","url":"https:\/\/www.stummfilm-live.de\/","name":"Stummfilm-Live","description":"Internetseite des Stummfilmkomponisten und -interpreten Wilfried Kaets.","potentialAction":[{"@type":"SearchAction","target":{"@type":"EntryPoint","urlTemplate":"https:\/\/www.stummfilm-live.de\/?s={search_term_string}"},"query-input":{"@type":"PropertyValueSpecification","valueRequired":true,"valueName":"search_term_string"}}],"inLanguage":"en-US"}]}},"ticketed":false,"_links":{"self":[{"href":"https:\/\/www.stummfilm-live.de\/en\/wp-json\/wp\/v2\/tribe_events\/19574","targetHints":{"allow":["GET"]}}],"collection":[{"href":"https:\/\/www.stummfilm-live.de\/en\/wp-json\/wp\/v2\/tribe_events"}],"about":[{"href":"https:\/\/www.stummfilm-live.de\/en\/wp-json\/wp\/v2\/types\/tribe_events"}],"author":[{"embeddable":true,"href":"https:\/\/www.stummfilm-live.de\/en\/wp-json\/wp\/v2\/users\/3"}],"version-history":[{"count":2,"href":"https:\/\/www.stummfilm-live.de\/en\/wp-json\/wp\/v2\/tribe_events\/19574\/revisions"}],"predecessor-version":[{"id":19578,"href":"https:\/\/www.stummfilm-live.de\/en\/wp-json\/wp\/v2\/tribe_events\/19574\/revisions\/19578"}],"wp:featuredmedia":[{"embeddable":true,"href":"https:\/\/www.stummfilm-live.de\/en\/wp-json\/wp\/v2\/media\/16468"}],"wp:attachment":[{"href":"https:\/\/www.stummfilm-live.de\/en\/wp-json\/wp\/v2\/media?parent=19574"}],"wp:term":[{"taxonomy":"post_tag","embeddable":true,"href":"https:\/\/www.stummfilm-live.de\/en\/wp-json\/wp\/v2\/tags?post=19574"},{"taxonomy":"tribe_events_cat","embeddable":true,"href":"https:\/\/www.stummfilm-live.de\/en\/wp-json\/wp\/v2\/tribe_events_cat?post=19574"}],"curies":[{"name":"wp","href":"https:\/\/api.w.org\/{rel}","templated":true}]}}