{"id":19682,"date":"2023-06-20T17:37:11","date_gmt":"2023-06-20T15:37:11","guid":{"rendered":"https:\/\/www.stummfilm-live.de\/event\/stummfilmkonzert-la-passion-de-jeanne-darc-3\/"},"modified":"2025-06-10T21:49:27","modified_gmt":"2025-06-10T19:49:27","slug":"silent-film-concert-the-passion-of-joan-of-arc-2","status":"publish","type":"tribe_events","link":"https:\/\/www.stummfilm-live.de\/en\/event\/silent-film-concert-the-passion-of-joan-of-arc-2\/","title":{"rendered":"Silent Film Concert &#8220;The Passion of Joan of Arc&#8221;"},"content":{"rendered":"\r\n\r\n\r\n\r\n\r\n<p style=\"text-align: right;\" align=\"center\">Thu. 16.08.2007<br data-start=\"42\" data-end=\"45\" \/>11:00 PM<br data-start=\"53\" data-end=\"56\" \/>Hallgrimskirche, Reykjavik (Iceland)<br data-start=\"92\" data-end=\"95\" \/>As part of the International Music Festival Iceland<\/p>\r\n<h2 style=\"text-align: center;\">Info<\/h2>\r\n<p data-start=\"38\" data-end=\"56\"><strong data-start=\"38\" data-end=\"56\">Brief Overview<\/strong><\/p>\r\n<p data-start=\"58\" data-end=\"79\">Released: France 1927<\/p>\r\n<p data-start=\"81\" data-end=\"109\">Duration: approx. 84 minutes<\/p>\r\n<p data-start=\"111\" data-end=\"140\">Director: Carl Theodor Dreyer<\/p>\r\n<p data-start=\"142\" data-end=\"153\"><strong data-start=\"142\" data-end=\"153\">Content<\/strong><\/p>\r\n<p data-start=\"155\" data-end=\"435\">The last days of Joan of Arc: interrogation, sentencing, and her death at the stake.<br data-start=\"239\" data-end=\"242\" \/>However, if you are looking for a short, concise description, it is less of an epic narrative (certainly not action cinema) and more like &#8220;radical montage cinema&#8221; from the late silent film era.<\/p>\r\n<p data-start=\"437\" data-end=\"448\"><strong data-start=\"437\" data-end=\"448\">Version<\/strong><\/p>\r\n<p data-start=\"450\" data-end=\"503\">With new music by Wilfried Kaets for vocals and organ<\/p>\r\n<p data-start=\"505\" data-end=\"519\"><strong data-start=\"505\" data-end=\"519\">Performers<\/strong><\/p>\r\n<p data-start=\"521\" data-end=\"568\">Klaus Paulsen \u2013 vocals<br data-start=\"543\" data-end=\"546\" \/>Wilfried Kaets \u2013 organ<\/p>\r\n<p data-start=\"570\" data-end=\"591\"><strong data-start=\"570\" data-end=\"591\">Overall Direction<\/strong><\/p>\r\n<p data-start=\"593\" data-end=\"607\">Wilfried Kaets<\/p>\r\n<h2 style=\"text-align: center;\">More Information about:&#8221; <a href=\"https:\/\/www.stummfilm-live.de\/en\/project\/the-passion-of-joan-of-arc\/\">The Passion of Joan of Arc<\/a>&#8220;<\/h2>\r\n\r\n\r\n\r\n\r\n\r\n\r\n","protected":false},"excerpt":{"rendered":"<p>Thu. 16.08.200711:00 PMHallgrimskirche, Reykjavik (Iceland)As part of the International Music Festival Iceland Info Brief Overview Released: France 1927 Duration: approx. 84 minutes Director: Carl Theodor Dreyer Content The last days&#8230;<\/p>\n","protected":false},"author":3,"featured_media":16468,"template":"","meta":{"_price":"","_stock":"","_tribe_ticket_header":"","_tribe_default_ticket_provider":"","_tribe_ticket_capacity":"0","_ticket_start_date":"","_ticket_end_date":"","_tribe_ticket_show_description":"","_tribe_ticket_show_not_going":false,"_tribe_ticket_use_global_stock":"","_tribe_ticket_global_stock_level":"","_global_stock_mode":"","_global_stock_cap":"","_tribe_rsvp_for_event":"","_tribe_ticket_going_count":"","_tribe_ticket_not_going_count":"","_tribe_tickets_list":"[]","_tribe_ticket_has_attendee_info_fields":false,"_tribe_events_status":"","_tribe_events_status_reason":"","footnotes":"","_tec_slr_enabled":"","_tec_slr_layout":""},"tags":[],"tribe_events_cat":[390],"class_list":["post-19682","tribe_events","type-tribe_events","status-publish","has-post-thumbnail","hentry","tribe_events_cat-the-passion-of-joan-of-arc","cat_the-passion-of-joan-of-arc"],"yoast_head":"<!-- This site is optimized with the Yoast SEO plugin v27.4 - https:\/\/yoast.com\/product\/yoast-seo-wordpress\/ -->\n<title>Silent Film Concert &quot;The Passion of Joan of Arc&quot; - Stummfilm-Live<\/title>\n<meta name=\"description\" content=\"Die letzten Tage der Jeanne d\u00b4Arc: Verh\u00f6r-Verurteilung und ihr Tod auf dem Scheiterhaufen.Es handelt sich allerdings, wenn man schon eine kurze pr\u00e4gnante Beschreibung sucht, weniger um eine epische Erz\u00e4hlung (schon gar nicht um Actionkino), sondern eher um &quot;radikales Montagekino&quot; der\" \/>\n<meta name=\"robots\" content=\"index, follow, max-snippet:-1, max-image-preview:large, max-video-preview:-1\" \/>\n<link rel=\"canonical\" href=\"https:\/\/www.stummfilm-live.de\/en\/event\/silent-film-concert-the-passion-of-joan-of-arc-2\/\" \/>\n<meta property=\"og:locale\" content=\"en_US\" \/>\n<meta property=\"og:type\" content=\"article\" \/>\n<meta property=\"og:title\" content=\"Silent Film Concert &quot;The Passion of Joan of Arc&quot; - Stummfilm-Live\" \/>\n<meta property=\"og:description\" content=\"Die letzten Tage der Jeanne d\u00b4Arc: Verh\u00f6r-Verurteilung und ihr Tod auf dem Scheiterhaufen.Es handelt sich allerdings, wenn man schon eine kurze pr\u00e4gnante Beschreibung sucht, weniger um eine epische Erz\u00e4hlung (schon gar nicht um Actionkino), sondern eher um &quot;radikales Montagekino&quot; der\" \/>\n<meta property=\"og:url\" content=\"https:\/\/www.stummfilm-live.de\/en\/event\/silent-film-concert-the-passion-of-joan-of-arc-2\/\" \/>\n<meta property=\"og:site_name\" content=\"Stummfilm-Live\" \/>\n<meta property=\"article:modified_time\" content=\"2025-06-10T19:49:27+00:00\" \/>\n<meta property=\"og:image\" content=\"https:\/\/www.stummfilm-live.de\/wp-content\/uploads\/2021\/01\/jeanne_darc.jpg\" \/>\n\t<meta property=\"og:image:width\" content=\"265\" \/>\n\t<meta property=\"og:image:height\" content=\"180\" \/>\n\t<meta property=\"og:image:type\" content=\"image\/jpeg\" \/>\n<meta name=\"twitter:card\" content=\"summary_large_image\" \/>\n<meta name=\"twitter:label1\" content=\"Est. reading time\" \/>\n\t<meta name=\"twitter:data1\" content=\"1 minute\" \/>\n<script type=\"application\/ld+json\" class=\"yoast-schema-graph\">{\"@context\":\"https:\\\/\\\/schema.org\",\"@graph\":[{\"@type\":\"WebPage\",\"@id\":\"https:\\\/\\\/www.stummfilm-live.de\\\/en\\\/event\\\/silent-film-concert-the-passion-of-joan-of-arc-2\\\/\",\"url\":\"https:\\\/\\\/www.stummfilm-live.de\\\/en\\\/event\\\/silent-film-concert-the-passion-of-joan-of-arc-2\\\/\",\"name\":\"Silent Film Concert \\\"The Passion of Joan of Arc\\\" - Stummfilm-Live\",\"isPartOf\":{\"@id\":\"https:\\\/\\\/www.stummfilm-live.de\\\/#website\"},\"primaryImageOfPage\":{\"@id\":\"https:\\\/\\\/www.stummfilm-live.de\\\/en\\\/event\\\/silent-film-concert-the-passion-of-joan-of-arc-2\\\/#primaryimage\"},\"image\":{\"@id\":\"https:\\\/\\\/www.stummfilm-live.de\\\/en\\\/event\\\/silent-film-concert-the-passion-of-joan-of-arc-2\\\/#primaryimage\"},\"thumbnailUrl\":\"https:\\\/\\\/www.stummfilm-live.de\\\/wp-content\\\/uploads\\\/2021\\\/01\\\/jeanne_darc.jpg\",\"datePublished\":\"2023-06-20T15:37:11+00:00\",\"dateModified\":\"2025-06-10T19:49:27+00:00\",\"description\":\"Die letzten Tage der Jeanne d\u00b4Arc: Verh\u00f6r-Verurteilung und ihr Tod auf dem Scheiterhaufen.Es handelt sich allerdings, wenn man schon eine kurze pr\u00e4gnante Beschreibung sucht, weniger um eine epische Erz\u00e4hlung (schon gar nicht um Actionkino), sondern eher um \\\"radikales Montagekino\\\" der\",\"breadcrumb\":{\"@id\":\"https:\\\/\\\/www.stummfilm-live.de\\\/en\\\/event\\\/silent-film-concert-the-passion-of-joan-of-arc-2\\\/#breadcrumb\"},\"inLanguage\":\"en-US\",\"potentialAction\":[{\"@type\":\"ReadAction\",\"target\":[\"https:\\\/\\\/www.stummfilm-live.de\\\/en\\\/event\\\/silent-film-concert-the-passion-of-joan-of-arc-2\\\/\"]}]},{\"@type\":\"ImageObject\",\"inLanguage\":\"en-US\",\"@id\":\"https:\\\/\\\/www.stummfilm-live.de\\\/en\\\/event\\\/silent-film-concert-the-passion-of-joan-of-arc-2\\\/#primaryimage\",\"url\":\"https:\\\/\\\/www.stummfilm-live.de\\\/wp-content\\\/uploads\\\/2021\\\/01\\\/jeanne_darc.jpg\",\"contentUrl\":\"https:\\\/\\\/www.stummfilm-live.de\\\/wp-content\\\/uploads\\\/2021\\\/01\\\/jeanne_darc.jpg\",\"width\":265,\"height\":180},{\"@type\":\"BreadcrumbList\",\"@id\":\"https:\\\/\\\/www.stummfilm-live.de\\\/en\\\/event\\\/silent-film-concert-the-passion-of-joan-of-arc-2\\\/#breadcrumb\",\"itemListElement\":[{\"@type\":\"ListItem\",\"position\":1,\"name\":\"Home\",\"item\":\"https:\\\/\\\/www.stummfilm-live.de\\\/en\\\/\"},{\"@type\":\"ListItem\",\"position\":2,\"name\":\"Veranstaltungen\",\"item\":\"https:\\\/\\\/www.stummfilm-live.de\\\/events\\\/\"},{\"@type\":\"ListItem\",\"position\":3,\"name\":\"Silent Film Concert &#8222;The Passion of Joan of Arc&#8220;\"}]},{\"@type\":\"WebSite\",\"@id\":\"https:\\\/\\\/www.stummfilm-live.de\\\/#website\",\"url\":\"https:\\\/\\\/www.stummfilm-live.de\\\/\",\"name\":\"Stummfilm-Live\",\"description\":\"Internetseite des Stummfilmkomponisten und -interpreten Wilfried Kaets.\",\"potentialAction\":[{\"@type\":\"SearchAction\",\"target\":{\"@type\":\"EntryPoint\",\"urlTemplate\":\"https:\\\/\\\/www.stummfilm-live.de\\\/?s={search_term_string}\"},\"query-input\":{\"@type\":\"PropertyValueSpecification\",\"valueRequired\":true,\"valueName\":\"search_term_string\"}}],\"inLanguage\":\"en-US\"}]}<\/script>\n<!-- \/ Yoast SEO plugin. -->","yoast_head_json":{"title":"Silent Film Concert \"The Passion of Joan of Arc\" - Stummfilm-Live","description":"Die letzten Tage der Jeanne d\u00b4Arc: Verh\u00f6r-Verurteilung und ihr Tod auf dem Scheiterhaufen.Es handelt sich allerdings, wenn man schon eine kurze pr\u00e4gnante Beschreibung sucht, weniger um eine epische Erz\u00e4hlung (schon gar nicht um Actionkino), sondern eher um \"radikales Montagekino\" der","robots":{"index":"index","follow":"follow","max-snippet":"max-snippet:-1","max-image-preview":"max-image-preview:large","max-video-preview":"max-video-preview:-1"},"canonical":"https:\/\/www.stummfilm-live.de\/en\/event\/silent-film-concert-the-passion-of-joan-of-arc-2\/","og_locale":"en_US","og_type":"article","og_title":"Silent Film Concert \"The Passion of Joan of Arc\" - Stummfilm-Live","og_description":"Die letzten Tage der Jeanne d\u00b4Arc: Verh\u00f6r-Verurteilung und ihr Tod auf dem Scheiterhaufen.Es handelt sich allerdings, wenn man schon eine kurze pr\u00e4gnante Beschreibung sucht, weniger um eine epische Erz\u00e4hlung (schon gar nicht um Actionkino), sondern eher um \"radikales Montagekino\" der","og_url":"https:\/\/www.stummfilm-live.de\/en\/event\/silent-film-concert-the-passion-of-joan-of-arc-2\/","og_site_name":"Stummfilm-Live","article_modified_time":"2025-06-10T19:49:27+00:00","og_image":[{"width":265,"height":180,"url":"https:\/\/www.stummfilm-live.de\/wp-content\/uploads\/2021\/01\/jeanne_darc.jpg","type":"image\/jpeg"}],"twitter_card":"summary_large_image","twitter_misc":{"Est. reading time":"1 minute"},"schema":{"@context":"https:\/\/schema.org","@graph":[{"@type":"WebPage","@id":"https:\/\/www.stummfilm-live.de\/en\/event\/silent-film-concert-the-passion-of-joan-of-arc-2\/","url":"https:\/\/www.stummfilm-live.de\/en\/event\/silent-film-concert-the-passion-of-joan-of-arc-2\/","name":"Silent Film Concert \"The Passion of Joan of Arc\" - Stummfilm-Live","isPartOf":{"@id":"https:\/\/www.stummfilm-live.de\/#website"},"primaryImageOfPage":{"@id":"https:\/\/www.stummfilm-live.de\/en\/event\/silent-film-concert-the-passion-of-joan-of-arc-2\/#primaryimage"},"image":{"@id":"https:\/\/www.stummfilm-live.de\/en\/event\/silent-film-concert-the-passion-of-joan-of-arc-2\/#primaryimage"},"thumbnailUrl":"https:\/\/www.stummfilm-live.de\/wp-content\/uploads\/2021\/01\/jeanne_darc.jpg","datePublished":"2023-06-20T15:37:11+00:00","dateModified":"2025-06-10T19:49:27+00:00","description":"Die letzten Tage der Jeanne d\u00b4Arc: Verh\u00f6r-Verurteilung und ihr Tod auf dem Scheiterhaufen.Es handelt sich allerdings, wenn man schon eine kurze pr\u00e4gnante Beschreibung sucht, weniger um eine epische Erz\u00e4hlung (schon gar nicht um Actionkino), sondern eher um \"radikales Montagekino\" der","breadcrumb":{"@id":"https:\/\/www.stummfilm-live.de\/en\/event\/silent-film-concert-the-passion-of-joan-of-arc-2\/#breadcrumb"},"inLanguage":"en-US","potentialAction":[{"@type":"ReadAction","target":["https:\/\/www.stummfilm-live.de\/en\/event\/silent-film-concert-the-passion-of-joan-of-arc-2\/"]}]},{"@type":"ImageObject","inLanguage":"en-US","@id":"https:\/\/www.stummfilm-live.de\/en\/event\/silent-film-concert-the-passion-of-joan-of-arc-2\/#primaryimage","url":"https:\/\/www.stummfilm-live.de\/wp-content\/uploads\/2021\/01\/jeanne_darc.jpg","contentUrl":"https:\/\/www.stummfilm-live.de\/wp-content\/uploads\/2021\/01\/jeanne_darc.jpg","width":265,"height":180},{"@type":"BreadcrumbList","@id":"https:\/\/www.stummfilm-live.de\/en\/event\/silent-film-concert-the-passion-of-joan-of-arc-2\/#breadcrumb","itemListElement":[{"@type":"ListItem","position":1,"name":"Home","item":"https:\/\/www.stummfilm-live.de\/en\/"},{"@type":"ListItem","position":2,"name":"Veranstaltungen","item":"https:\/\/www.stummfilm-live.de\/events\/"},{"@type":"ListItem","position":3,"name":"Silent Film Concert &#8222;The Passion of Joan of Arc&#8220;"}]},{"@type":"WebSite","@id":"https:\/\/www.stummfilm-live.de\/#website","url":"https:\/\/www.stummfilm-live.de\/","name":"Stummfilm-Live","description":"Internetseite des Stummfilmkomponisten und -interpreten Wilfried Kaets.","potentialAction":[{"@type":"SearchAction","target":{"@type":"EntryPoint","urlTemplate":"https:\/\/www.stummfilm-live.de\/?s={search_term_string}"},"query-input":{"@type":"PropertyValueSpecification","valueRequired":true,"valueName":"search_term_string"}}],"inLanguage":"en-US"}]}},"ticketed":false,"_links":{"self":[{"href":"https:\/\/www.stummfilm-live.de\/en\/wp-json\/wp\/v2\/tribe_events\/19682","targetHints":{"allow":["GET"]}}],"collection":[{"href":"https:\/\/www.stummfilm-live.de\/en\/wp-json\/wp\/v2\/tribe_events"}],"about":[{"href":"https:\/\/www.stummfilm-live.de\/en\/wp-json\/wp\/v2\/types\/tribe_events"}],"author":[{"embeddable":true,"href":"https:\/\/www.stummfilm-live.de\/en\/wp-json\/wp\/v2\/users\/3"}],"version-history":[{"count":2,"href":"https:\/\/www.stummfilm-live.de\/en\/wp-json\/wp\/v2\/tribe_events\/19682\/revisions"}],"predecessor-version":[{"id":19684,"href":"https:\/\/www.stummfilm-live.de\/en\/wp-json\/wp\/v2\/tribe_events\/19682\/revisions\/19684"}],"wp:featuredmedia":[{"embeddable":true,"href":"https:\/\/www.stummfilm-live.de\/en\/wp-json\/wp\/v2\/media\/16468"}],"wp:attachment":[{"href":"https:\/\/www.stummfilm-live.de\/en\/wp-json\/wp\/v2\/media?parent=19682"}],"wp:term":[{"taxonomy":"post_tag","embeddable":true,"href":"https:\/\/www.stummfilm-live.de\/en\/wp-json\/wp\/v2\/tags?post=19682"},{"taxonomy":"tribe_events_cat","embeddable":true,"href":"https:\/\/www.stummfilm-live.de\/en\/wp-json\/wp\/v2\/tribe_events_cat?post=19682"}],"curies":[{"name":"wp","href":"https:\/\/api.w.org\/{rel}","templated":true}]}}